{"id":2719,"date":"2021-04-01T11:05:36","date_gmt":"2021-04-01T09:05:36","guid":{"rendered":"https:\/\/skadi.de\/?page_id=2719"},"modified":"2021-04-16T12:19:11","modified_gmt":"2021-04-16T10:19:11","slug":"holzschnitt","status":"publish","type":"page","link":"https:\/\/skadi.de\/en\/grafik\/grafik-2014\/holzschnitt\/","title":{"rendered":"Holzschnitt"},"content":{"rendered":"<div class=\"wpb-content-wrapper\"><p>[vc_row css_animation=&#8221;&#8221; row_type=&#8221;row&#8221; use_row_as_full_screen_section=&#8221;no&#8221; type=&#8221;full_width&#8221; angled_section=&#8221;no&#8221; text_align=&#8221;left&#8221; background_image_as_pattern=&#8221;without_pattern&#8221;][vc_column][vc_column_text]<\/p>\n<h1>Grafik &#8211; Holzschnitt 2014<\/h1>\n<p>[\/vc_column_text][vc_column_text]<\/p>\n<h3>Landschaften<\/h3>\n<div class=\"\"><span class=\"\">Die Landschafts-Holzdrucke schlie\u00dfen sich direkt an meine Malerei, \u201cdurchwebte Landschaften\u201d bzw. \u201cSt\u00f6rbilder\u201d an, die ich 2011 begonnen habe zu malen. Die Streifen und Linien, die die Sicht auf die Landschaft irritieren, erscheinen wie Bildst\u00f6rungen, Wahrnehmungsirritationen oder \u00dcberlagerung von Erinnerungen und Erleben. Hier hat sich der Mensch mit seiner Sicht auf die Welt, f\u00fcr die die Landschaft als Synonym steht, oder mit seinem Einwirken in die Welt, gleichfalls als Vertikale in sie hineingewebt.<\/span><\/div>\n<p>[\/vc_column_text][vc_empty_space][vc_column_text]<\/p>\n<h4>nach Wagenitz im Haveland<\/h4>\n<div class=\"\">\n<div class=\"\"><span class=\"\">Wagenitz ist ein kleiner Ort im Havelland, westlich von Berlin.<\/span><\/div>\n<\/div>\n<p>[\/vc_column_text][vc_empty_space][vc_row_inner row_type=&#8221;row&#8221; type=&#8221;full_width&#8221; text_align=&#8221;left&#8221; css_animation=&#8221;&#8221;][vc_column_inner]<div class='projects_holder_outer v3 portfolio_with_space portfolio_standard'>\n        <div class='projects_holder portfolio_main_holder clearfix v3 standard portfolio_full_image portfolio_one_by_one'>\n        \n        <article class='mix portfolio_category_95 default' style=''>\n    \n    \n    \n                <div class='image_holder'>\n                <a itemprop='url' class='portfolio_link_for_touch' href='https:\/\/skadi.de\/en\/portfolio_page\/grafik-2014-holzdruck-nach-wagenitz-im-haveland-1\/' target='_self'>\n                    \n<span class='image'><img loading=\"lazy\" decoding=\"async\" width=\"900\" height=\"453\" src=\"https:\/\/skadi.de\/wp-content\/uploads\/2021\/04\/Skadi_Engeln_Grafik_nach_Wagenitz_im_Haveland_I_Holzdruck_15x25_2014.jpeg\" class=\"attachment-full size-full wp-post-image\" alt=\"\" srcset=\"https:\/\/skadi.de\/wp-content\/uploads\/2021\/04\/Skadi_Engeln_Grafik_nach_Wagenitz_im_Haveland_I_Holzdruck_15x25_2014.jpeg 900w, https:\/\/skadi.de\/wp-content\/uploads\/2021\/04\/Skadi_Engeln_Grafik_nach_Wagenitz_im_Haveland_I_Holzdruck_15x25_2014-300x151.jpeg 300w, https:\/\/skadi.de\/wp-content\/uploads\/2021\/04\/Skadi_Engeln_Grafik_nach_Wagenitz_im_Haveland_I_Holzdruck_15x25_2014-768x387.jpeg 768w, https:\/\/skadi.de\/wp-content\/uploads\/2021\/04\/Skadi_Engeln_Grafik_nach_Wagenitz_im_Haveland_I_Holzdruck_15x25_2014-700x352.jpeg 700w, https:\/\/skadi.de\/wp-content\/uploads\/2021\/04\/Skadi_Engeln_Grafik_nach_Wagenitz_im_Haveland_I_Holzdruck_15x25_2014-600x302.jpeg 600w\" sizes=\"auto, (max-width: 900px) 100vw, 900px\" \/><\/span>                <\/a>\n\n                <span class='text_holder'>\n    <span class='text_outer'>\n        <span class='text_inner'>\n            <span class='feature_holder'>\n                            <span class=\"feature_holder_icons\">';\n                    \n                            <a itemprop='url' class='preview qbutton small white' href='https:\/\/skadi.de\/en\/portfolio_page\/grafik-2014-holzdruck-nach-wagenitz-im-haveland-1\/' target='_self'>view<\/i><\/a>\n    \n                                            <\/span>\n        <\/span>\n    <\/span>\n<\/span>            <\/div>\n                <div class='portfolio_description ' >\n\n        \n    <h6 itemprop=\"name\" class=\"portfolio_title entry_title\"><a itemprop=\"url\" href=\"https:\/\/skadi.de\/en\/portfolio_page\/grafik-2014-holzdruck-nach-wagenitz-im-haveland-1\/\"  target=\"_self\"> nach Wagenitz im Haveland I, Holzdruck, 4 Farben auf Papier, 15 x 25 cm, 2014<\/a><\/h6>\n\n\n        \n        \n    <\/div>\n        \n<\/article>\n<article class='mix portfolio_category_95 default' style=''>\n    \n    \n    \n                <div class='image_holder'>\n                <a itemprop='url' class='portfolio_link_for_touch' href='https:\/\/skadi.de\/en\/portfolio_page\/grafik-2014-holzdruck-nach-wagenitz-im-haveland-2\/' target='_self'>\n                    \n<span class='image'><img loading=\"lazy\" decoding=\"async\" width=\"900\" height=\"454\" src=\"https:\/\/skadi.de\/wp-content\/uploads\/2021\/04\/Skadi_Engeln_Grafik_nach_Wagenitz_im_Haveland_II_Holzdruck_15x25_2014.jpeg\" class=\"attachment-full size-full wp-post-image\" alt=\"\" srcset=\"https:\/\/skadi.de\/wp-content\/uploads\/2021\/04\/Skadi_Engeln_Grafik_nach_Wagenitz_im_Haveland_II_Holzdruck_15x25_2014.jpeg 900w, https:\/\/skadi.de\/wp-content\/uploads\/2021\/04\/Skadi_Engeln_Grafik_nach_Wagenitz_im_Haveland_II_Holzdruck_15x25_2014-300x151.jpeg 300w, https:\/\/skadi.de\/wp-content\/uploads\/2021\/04\/Skadi_Engeln_Grafik_nach_Wagenitz_im_Haveland_II_Holzdruck_15x25_2014-768x387.jpeg 768w, https:\/\/skadi.de\/wp-content\/uploads\/2021\/04\/Skadi_Engeln_Grafik_nach_Wagenitz_im_Haveland_II_Holzdruck_15x25_2014-700x353.jpeg 700w, https:\/\/skadi.de\/wp-content\/uploads\/2021\/04\/Skadi_Engeln_Grafik_nach_Wagenitz_im_Haveland_II_Holzdruck_15x25_2014-600x303.jpeg 600w\" sizes=\"auto, (max-width: 900px) 100vw, 900px\" \/><\/span>                <\/a>\n\n                <span class='text_holder'>\n    <span class='text_outer'>\n        <span class='text_inner'>\n            <span class='feature_holder'>\n                            <span class=\"feature_holder_icons\">';\n                    \n                            <a itemprop='url' class='preview qbutton small white' href='https:\/\/skadi.de\/en\/portfolio_page\/grafik-2014-holzdruck-nach-wagenitz-im-haveland-2\/' target='_self'>view<\/i><\/a>\n    \n                                            <\/span>\n        <\/span>\n    <\/span>\n<\/span>            <\/div>\n                <div class='portfolio_description ' >\n\n        \n    <h6 itemprop=\"name\" class=\"portfolio_title entry_title\"><a itemprop=\"url\" href=\"https:\/\/skadi.de\/en\/portfolio_page\/grafik-2014-holzdruck-nach-wagenitz-im-haveland-2\/\"  target=\"_self\"> nach Wagenitz im Haveland II, Holzdruck, 4 Farben auf Papier, 15 x 25 cm, 2014<\/a><\/h6>\n\n\n        \n        \n    <\/div>\n        \n<\/article>\n        <div class='filler'><\/div>\n            <div class='filler'><\/div>\n            <div class='filler'><\/div>\n        <\/div>\n\n    \n    <\/div>[\/vc_column_inner][\/vc_row_inner][\/vc_column][\/vc_row][vc_row css_animation=&#8221;&#8221; row_type=&#8221;row&#8221; use_row_as_full_screen_section=&#8221;no&#8221; type=&#8221;full_width&#8221; angled_section=&#8221;no&#8221; text_align=&#8221;left&#8221; background_image_as_pattern=&#8221;without_pattern&#8221;][vc_column][vc_column_text]<\/p>\n<h4>vers Les Loges en Berry<\/h4>\n<div class=\"\">\n<div class=\"\">\n<div class=\"\"><span class=\"\">Les Loges ist ein \u201clieuxdit\u201d, ein NichtmalOrt, ein Ort nahe an meinem Sommeratelier, ebenfalls ein kleiner wenig bewohnter Ort am Ende der Welt, n\u00e4mlich im Berry in Mittelfrankreich, wo die leicht h\u00fcgelige Landschaft noch von Hecken malerisch eingeteilt wird.<\/span><\/div>\n<\/div>\n<\/div>\n<p>[\/vc_column_text][vc_empty_space]<div class='projects_holder_outer v3 portfolio_with_space portfolio_standard'>\n        <div class='projects_holder portfolio_main_holder clearfix v3 standard portfolio_full_image portfolio_one_by_one'>\n        \n        <article class='mix portfolio_category_95 default' style=''>\n    \n    \n    \n                <div class='image_holder'>\n                <a itemprop='url' class='portfolio_link_for_touch' href='https:\/\/skadi.de\/en\/portfolio_page\/grafik-2014-holzdruck-vers-les-loges-en-berry-1\/' target='_self'>\n                    \n<span class='image'><img loading=\"lazy\" decoding=\"async\" width=\"900\" height=\"447\" src=\"https:\/\/skadi.de\/wp-content\/uploads\/2021\/04\/Skadi_Engeln_Grafik_vers_Les_Loges_en_Berry_I_Holzdruck_15x25_2014.jpeg\" class=\"attachment-full size-full wp-post-image\" alt=\"\" srcset=\"https:\/\/skadi.de\/wp-content\/uploads\/2021\/04\/Skadi_Engeln_Grafik_vers_Les_Loges_en_Berry_I_Holzdruck_15x25_2014.jpeg 900w, https:\/\/skadi.de\/wp-content\/uploads\/2021\/04\/Skadi_Engeln_Grafik_vers_Les_Loges_en_Berry_I_Holzdruck_15x25_2014-300x149.jpeg 300w, https:\/\/skadi.de\/wp-content\/uploads\/2021\/04\/Skadi_Engeln_Grafik_vers_Les_Loges_en_Berry_I_Holzdruck_15x25_2014-768x381.jpeg 768w, https:\/\/skadi.de\/wp-content\/uploads\/2021\/04\/Skadi_Engeln_Grafik_vers_Les_Loges_en_Berry_I_Holzdruck_15x25_2014-700x348.jpeg 700w, https:\/\/skadi.de\/wp-content\/uploads\/2021\/04\/Skadi_Engeln_Grafik_vers_Les_Loges_en_Berry_I_Holzdruck_15x25_2014-600x298.jpeg 600w\" sizes=\"auto, (max-width: 900px) 100vw, 900px\" \/><\/span>                <\/a>\n\n                <span class='text_holder'>\n    <span class='text_outer'>\n        <span class='text_inner'>\n            <span class='feature_holder'>\n                            <span class=\"feature_holder_icons\">';\n                    \n                            <a itemprop='url' class='preview qbutton small white' href='https:\/\/skadi.de\/en\/portfolio_page\/grafik-2014-holzdruck-vers-les-loges-en-berry-1\/' target='_self'>view<\/i><\/a>\n    \n                                            <\/span>\n        <\/span>\n    <\/span>\n<\/span>            <\/div>\n                <div class='portfolio_description ' >\n\n        \n    <h6 itemprop=\"name\" class=\"portfolio_title entry_title\"><a itemprop=\"url\" href=\"https:\/\/skadi.de\/en\/portfolio_page\/grafik-2014-holzdruck-vers-les-loges-en-berry-1\/\"  target=\"_self\"> vers Les Loges en Berry I, Holzdruck, 4 Farben auf Papier, 15 x 25 cm, 2014<\/a><\/h6>\n\n\n        \n        \n    <\/div>\n        \n<\/article>\n<article class='mix portfolio_category_95 default' style=''>\n    \n    \n    \n                <div class='image_holder'>\n                <a itemprop='url' class='portfolio_link_for_touch' href='https:\/\/skadi.de\/en\/portfolio_page\/grafik-2014-holzdruck-vers-les-loges-en-berry-2\/' target='_self'>\n                    \n<span class='image'><img loading=\"lazy\" decoding=\"async\" width=\"900\" height=\"450\" src=\"https:\/\/skadi.de\/wp-content\/uploads\/2021\/04\/Skadi_Engeln_Grafik_vers_Les_Loges_en_Berry_II_Holzdruck_15x25_2014.jpeg\" class=\"attachment-full size-full wp-post-image\" alt=\"\" srcset=\"https:\/\/skadi.de\/wp-content\/uploads\/2021\/04\/Skadi_Engeln_Grafik_vers_Les_Loges_en_Berry_II_Holzdruck_15x25_2014.jpeg 900w, https:\/\/skadi.de\/wp-content\/uploads\/2021\/04\/Skadi_Engeln_Grafik_vers_Les_Loges_en_Berry_II_Holzdruck_15x25_2014-300x150.jpeg 300w, https:\/\/skadi.de\/wp-content\/uploads\/2021\/04\/Skadi_Engeln_Grafik_vers_Les_Loges_en_Berry_II_Holzdruck_15x25_2014-768x384.jpeg 768w, https:\/\/skadi.de\/wp-content\/uploads\/2021\/04\/Skadi_Engeln_Grafik_vers_Les_Loges_en_Berry_II_Holzdruck_15x25_2014-700x350.jpeg 700w, https:\/\/skadi.de\/wp-content\/uploads\/2021\/04\/Skadi_Engeln_Grafik_vers_Les_Loges_en_Berry_II_Holzdruck_15x25_2014-600x300.jpeg 600w\" sizes=\"auto, (max-width: 900px) 100vw, 900px\" \/><\/span>                <\/a>\n\n                <span class='text_holder'>\n    <span class='text_outer'>\n        <span class='text_inner'>\n            <span class='feature_holder'>\n                            <span class=\"feature_holder_icons\">';\n                    \n                            <a itemprop='url' class='preview qbutton small white' href='https:\/\/skadi.de\/en\/portfolio_page\/grafik-2014-holzdruck-vers-les-loges-en-berry-2\/' target='_self'>view<\/i><\/a>\n    \n                                            <\/span>\n        <\/span>\n    <\/span>\n<\/span>            <\/div>\n                <div class='portfolio_description ' >\n\n        \n    <h6 itemprop=\"name\" class=\"portfolio_title entry_title\"><a itemprop=\"url\" href=\"https:\/\/skadi.de\/en\/portfolio_page\/grafik-2014-holzdruck-vers-les-loges-en-berry-2\/\"  target=\"_self\"> vers Les Loges en Berry II, Holzdruck, 4 Farben auf Papier, 15 x 25 cm, 2014<\/a><\/h6>\n\n\n        \n        \n    <\/div>\n        \n<\/article>\n        <div class='filler'><\/div>\n            <div class='filler'><\/div>\n            <div class='filler'><\/div>\n        <\/div>\n\n    \n    <\/div>[vc_empty_space][\/vc_column][\/vc_row]<\/p>\n<\/div>","protected":false},"excerpt":{"rendered":"<p>[vc_row css_animation=&#8221;&#8221; row_type=&#8221;row&#8221; use_row_as_full_screen_section=&#8221;no&#8221; type=&#8221;full_width&#8221; angled_section=&#8221;no&#8221; text_align=&#8221;left&#8221; background_image_as_pattern=&#8221;without_pattern&#8221;][vc_column][vc_column_text] Grafik &#8211; Holzschnitt 2014 [\/vc_column_text][vc_column_text] Landschaften Die Landschafts-Holzdrucke schlie\u00dfen sich direkt an meine Malerei, \u201cdurchwebte Landschaften\u201d bzw. \u201cSt\u00f6rbilder\u201d an, die ich 2011 begonnen habe zu malen. Die Streifen und Linien, die die Sicht auf die Landschaft irritieren,&#8230;<\/p>\n","protected":false},"author":2,"featured_media":0,"parent":2715,"menu_order":0,"comment_status":"closed","ping_status":"closed","template":"","meta":{"om_disable_all_campaigns":false,"_monsterinsights_skip_tracking":false,"_uf_show_specific_survey":0,"_uf_disable_surveys":false,"ngg_post_thumbnail":0,"footnotes":""},"class_list":["post-2719","page","type-page","status-publish","hentry"],"translation":{"provider":"WPGlobus","version":"3.0.2","language":"en","enabled_languages":["de","en"],"languages":{"de":{"title":true,"content":true,"excerpt":false},"en":{"title":false,"content":false,"excerpt":false}}},"_links":{"self":[{"href":"https:\/\/skadi.de\/en\/wp-json\/wp\/v2\/pages\/2719","targetHints":{"allow":["GET"]}}],"collection":[{"href":"https:\/\/skadi.de\/en\/wp-json\/wp\/v2\/pages"}],"about":[{"href":"https:\/\/skadi.de\/en\/wp-json\/wp\/v2\/types\/page"}],"author":[{"embeddable":true,"href":"https:\/\/skadi.de\/en\/wp-json\/wp\/v2\/users\/2"}],"replies":[{"embeddable":true,"href":"https:\/\/skadi.de\/en\/wp-json\/wp\/v2\/comments?post=2719"}],"version-history":[{"count":12,"href":"https:\/\/skadi.de\/en\/wp-json\/wp\/v2\/pages\/2719\/revisions"}],"predecessor-version":[{"id":3433,"href":"https:\/\/skadi.de\/en\/wp-json\/wp\/v2\/pages\/2719\/revisions\/3433"}],"up":[{"embeddable":true,"href":"https:\/\/skadi.de\/en\/wp-json\/wp\/v2\/pages\/2715"}],"wp:attachment":[{"href":"https:\/\/skadi.de\/en\/wp-json\/wp\/v2\/media?parent=2719"}],"curies":[{"name":"wp","href":"https:\/\/api.w.org\/{rel}","templated":true}]}}